{"id":74160,"date":"2019-07-18T18:14:40","date_gmt":"2019-07-18T16:14:40","guid":{"rendered":"http:\/\/atelierzelezna.cz\/profil\/"},"modified":"2019-07-18T18:14:43","modified_gmt":"2019-07-18T16:14:43","slug":"profil","status":"publish","type":"page","link":"https:\/\/atelierzelezna.cz\/de\/profil\/","title":{"rendered":"Profil"},"content":{"rendered":"<div class=\"wpb-content-wrapper\"><p>[vc_row][vc_column width=&#8220;1\/1&#8243;][vc_custom_heading text_size=&#8220;h4&#8243; text_height=&#8220;fontheight-357766&#8243; text_font=&#8220;font-762333&#8243; text_transform=&#8220;capitalize&#8220; text_align=&#8220;text-left&#8220; text_uppercase=&#8220;&#8220;]\u00dcBER UNS[\/vc_custom_heading][vc_row_inner row_inner_height_percent=&#8220;0&#8243; overlay_alpha=&#8220;50&#8243; gutter_size=&#8220;4&#8243; shift_y=&#8220;0&#8243;][vc_column_inner width=&#8220;1\/2&#8243;][vc_column_text]Wir sind ein unabh\u00e4ngiges Projektplanungsb\u00fcro mit Sitz in Liberec.\u00a0 Der Schwerpunkt unserer Arbeit liegt auf gediegener handwerklicher Ausf\u00fchrung; wir sind au\u00dferdem um eine zeitlose \u00c4sthetik bem\u00fcht, die sich nicht den Launen der Mode beugt.\u00a0 Dass unsere Kunden sich zu einem angemessenen Grad ins Projekt einbringen, ist f\u00fcr uns unerl\u00e4ssliche Vorbedingung f\u00fcr ein gelungenes Werk.<\/p>\n<p>Das ATELIER \u017dELEZN\u00c1 wurde zu Beginn 2018 von Ond\u0159ej Ple\u0161til gegr\u00fcndet. Es handelt sich um eine direkte Fortsetzung seiner eigenen Planungspraxis.[\/vc_column_text][\/vc_column_inner][\/vc_row_inner][\/vc_column][\/vc_row][vc_row][vc_column width=&#8220;1\/1&#8243;][vc_single_image media=&#8220;73458&#8243; media_width_percent=&#8220;70&#8243; alignment=&#8220;center&#8220; shape=&#8220;img-round&#8220;][\/vc_column][\/vc_row][vc_row][vc_column width=&#8220;1\/1&#8243;][vc_custom_heading text_size=&#8220;h4&#8243; text_font=&#8220;font-762333&#8243; text_transform=&#8220;capitalize&#8220; text_align=&#8220;text-left&#8220; text_uppercase=&#8220;&#8220;]TEAM<\/p>\n<div id=\"s3gt_translate_tooltip_mini\" class=\"s3gt_translate_tooltip_mini_box\" style=\"background: initial !important; border: initial !important; border-radius: initial !important; border-spacing: initial !important; border-collapse: initial !important; direction: ltr !important; flex-direction: initial !important; font-weight: initial !important; height: initial !important; letter-spacing: initial !important; min-width: initial !important; max-width: initial !important; min-height: initial !important; max-height: initial !important; margin: auto !important; outline: initial !important; padding: initial !important; position: absolute; table-layout: initial !important; text-align: initial !important; text-shadow: initial !important; width: initial !important; word-break: initial !important; word-spacing: initial !important; overflow-wrap: initial !important; box-sizing: initial !important; display: initial !important; color: inherit !important; font-size: 13px !important; font-family: X-LocaleSpecific, sans-serif, Tahoma, Helvetica !important; line-height: 13px !important; vertical-align: top !important; white-space: inherit !important; left: 4px; top: 35px; opacity: 0.55;\">\n<div id=\"s3gt_translate_tooltip_mini_logo\" class=\"s3gt_translate_tooltip_mini\" title=\"Translate selected text\"><\/div>\n<div id=\"s3gt_translate_tooltip_mini_sound\" class=\"s3gt_translate_tooltip_mini\" title=\"Play\"><\/div>\n<div id=\"s3gt_translate_tooltip_mini_copy\" class=\"s3gt_translate_tooltip_mini\" title=\"Copy text to Clipboard\"><\/div>\n<\/div>\n<p>[\/vc_custom_heading][vc_row_inner row_inner_height_percent=&#8220;0&#8243; overlay_alpha=&#8220;50&#8243; gutter_size=&#8220;4&#8243; shift_y=&#8220;0&#8243;][vc_column_inner width=&#8220;1\/2&#8243;][vc_column_text]<strong>Ing.arch. Ond\u0159ej Ple\u0161til, Ph.D., \u010cKA 4413<\/strong><\/p>\n<p>Abschluss des Studiums der Architektur im Jahre 2009 an der Fakult\u00e4t f\u00fcr Kunst und Architektur der Technischen Universit\u00e4t Liberec, Promotion an der Fakult\u00e4t f\u00fcr Architektur der Tschechischen Technischen Universit\u00e4t (\u010cVUT) in Prag. Danach arbeitete er in Berlin f\u00fcr das Studio des israelischen Architekten Zvi Hecker, beim Atelier K2 in Prag und in der Schreinereiwerkstatt von Pavel R\u016f\u017ei\u010dka. Seit 2011 arbeitet er als selbst\u00e4ndiger Architekt in Liberec.<\/p>\n<p><strong>MgA. Marie Eli\u00e1\u0161ov\u00e1<\/strong><\/p>\n<p>Architekturstudium an der Akademie f\u00fcr Kunst, Architektur und Design (UMPRUM) in Prag im Atelier von Jind\u0159ich Smetana und sp\u00e4ter bei Jan \u0160\u00e9pka. Im Laufe ihres Studium leistete Frau Eli\u00e1\u0161ov\u00e1 ein einsemestriges Studienpraktikum an der K\u00f6niglich-d\u00e4nischen Kunstakademie in Kopenhagen ab und danach ein einj\u00e4hriges Werkpraktikum im Planungsb\u00fcro X-architekten in Wien. Nach erfolgreichem Diplomabschluss kehrte sie in ihre Heimatstadt Liberec zur\u00fcck. Seit 2017 arbeitet sie mit Ond\u0159ej Ple\u0161til zusammen.<\/p>\n<p><strong>Bc. Kate\u0159ina Rissov\u00e1<\/strong><\/p>\n<p>4 Jahre Studium an der Fakult\u00e4t f\u00fcr Architektur der Tschechischen Technischen Universit\u00e4t (\u010cVUT) in Prag unter Ing. arch. Josef M\u00e1dr und doc. Ing. arch. Hana Seho. Im Rahmen ihres Studiums nahm sie an einem internationalen Projekt des Schweizer Architekten Pierre von Meiss und am Praxisworkshop &#8218;Stufen&#8216; teil. Sie arbeitete mit dem Scout Institut in Prag als Grafikdesigner zusammen. Aktuell ist sie im Master-Studiengang an der Fakult\u00e4t f\u00fcr Kunst und Architektur der Technischen Universit\u00e4t Liberec eingeschrieben.\u00a0 Sie ist f\u00fcr das Atelier \u017delezn\u00e1 t\u00e4tig und unterst\u00fctzt das Kino Var\u0161ava mit Arbeiten im grafischen Bereich.<\/p>\n<p><strong>Ing.arch. Ji\u0159\u00ed Mach\u00e1\u010dek<\/strong><\/p>\n<p>Nach Abschluss der Baufachschule in Liberec folgte ein Studium an der Fakult\u00e4t f\u00fcr Kunst und Architektur der Technischen Universit\u00e4t Liberec. Seine Bachelorarbeit verfasste Ji\u0159\u00ed Mach\u00e1\u010dek unter der Anleitung von Prof. Ing. arch. Akad. arch. Ji\u0159\u00ed Suchomel.\u00a0 Derzeit setzt er sein Studium im Master-Studiengang fort.\u00a0 Neben der architektonischen T\u00e4tigkeit im eigentlichen Sinn gilt sein Interesse au\u00dferdem dem Marketing, der Grafik und der technischen Geb\u00e4udeausr\u00fcstung.[\/vc_column_text][\/vc_column_inner][\/vc_row_inner][\/vc_column][\/vc_row]<\/p>\n<\/div>","protected":false},"excerpt":{"rendered":"<p>[vc_row][vc_column width=&#8220;1\/1&#8243;][vc_custom_heading text_size=&#8220;h4&#8243; text_height=&#8220;fontheight-357766&#8243; text_font=&#8220;font-762333&#8243; text_transform=&#8220;capitalize&#8220; text_align=&#8220;text-left&#8220; text_uppercase=&#8220;&#8220;]\u00dcBER UNS[\/vc_custom_heading][vc_row_inner row_inner_height_percent=&#8220;0&#8243; overlay_alpha=&#8220;50&#8243; gutter_size=&#8220;4&#8243; shift_y=&#8220;0&#8243;][vc_column_inner width=&#8220;1\/2&#8243;][vc_column_text]Wir sind ein unabh\u00e4ngiges Projektplanungsb\u00fcro mit Sitz [&hellip;]<\/p>\n","protected":false},"author":2,"featured_media":0,"parent":0,"menu_order":0,"comment_status":"open","ping_status":"closed","template":"","meta":{"footnotes":""},"class_list":["post-74160","page","type-page","status-publish","hentry"],"_links":{"self":[{"href":"https:\/\/atelierzelezna.cz\/de\/wp-json\/wp\/v2\/pages\/74160","targetHints":{"allow":["GET"]}}],"collection":[{"href":"https:\/\/atelierzelezna.cz\/de\/wp-json\/wp\/v2\/pages"}],"about":[{"href":"https:\/\/atelierzelezna.cz\/de\/wp-json\/wp\/v2\/types\/page"}],"author":[{"embeddable":true,"href":"https:\/\/atelierzelezna.cz\/de\/wp-json\/wp\/v2\/users\/2"}],"replies":[{"embeddable":true,"href":"https:\/\/atelierzelezna.cz\/de\/wp-json\/wp\/v2\/comments?post=74160"}],"version-history":[{"count":1,"href":"https:\/\/atelierzelezna.cz\/de\/wp-json\/wp\/v2\/pages\/74160\/revisions"}],"predecessor-version":[{"id":74164,"href":"https:\/\/atelierzelezna.cz\/de\/wp-json\/wp\/v2\/pages\/74160\/revisions\/74164"}],"wp:attachment":[{"href":"https:\/\/atelierzelezna.cz\/de\/wp-json\/wp\/v2\/media?parent=74160"}],"curies":[{"name":"wp","href":"https:\/\/api.w.org\/{rel}","templated":true}]}}