{"id":73488,"date":"2024-01-07T16:59:45","date_gmt":"2024-01-07T15:59:45","guid":{"rendered":"http:\/\/atelierzelezna.cz\/portfolio\/wohnung-zelezna-strasse\/"},"modified":"2024-07-03T15:57:23","modified_gmt":"2024-07-03T13:57:23","slug":"wohnung-zelezna-strasse","status":"publish","type":"portfolio","link":"https:\/\/atelierzelezna.cz\/de\/portfolio\/wohnung-zelezna-strasse\/","title":{"rendered":"WOHNUNG &#8211; \u017dELEZN\u00c1-STRASSE"},"content":{"rendered":"","protected":false},"excerpt":{"rendered":"<p>Vom Grundriss her \u00e4hnelt diese schmale und lange Wohnung einem Zugabteil.  Ihre Gestalt ist durch die schwierige urbanistische Situation der st\u00e4dtischen Hinterhoflage bedingt; ein Teil der Wohnung liegt n\u00e4mlich auf einem Drittgrundst\u00fcck. Im Zentrum der Raumaufteilung befindet sich der Wohnraum mit der K\u00fcche, von dem aus man auf die Terrasse gelangt, die in den privaten Innenhof hinausf\u00fchrt.  Badezimmer und Lagerfl\u00e4chen befinden sich sodann im Nachbarhaus. Tageslicht str\u00f6mt prim\u00e4r durch die gro\u00dfz\u00fcgigen Fenster der ehemaligen Druckerei herein.<\/p>\n","protected":false},"author":2,"featured_media":73379,"parent":0,"menu_order":1,"comment_status":"closed","ping_status":"closed","template":"","meta":{"footnotes":""},"portfolio_category":[82],"class_list":["post-73488","portfolio","type-portfolio","status-publish","has-post-thumbnail","hentry","portfolio_category-realisation"],"_links":{"self":[{"href":"https:\/\/atelierzelezna.cz\/de\/wp-json\/wp\/v2\/portfolio\/73488","targetHints":{"allow":["GET"]}}],"collection":[{"href":"https:\/\/atelierzelezna.cz\/de\/wp-json\/wp\/v2\/portfolio"}],"about":[{"href":"https:\/\/atelierzelezna.cz\/de\/wp-json\/wp\/v2\/types\/portfolio"}],"author":[{"embeddable":true,"href":"https:\/\/atelierzelezna.cz\/de\/wp-json\/wp\/v2\/users\/2"}],"replies":[{"embeddable":true,"href":"https:\/\/atelierzelezna.cz\/de\/wp-json\/wp\/v2\/comments?post=73488"}],"version-history":[{"count":1,"href":"https:\/\/atelierzelezna.cz\/de\/wp-json\/wp\/v2\/portfolio\/73488\/revisions"}],"predecessor-version":[{"id":74706,"href":"https:\/\/atelierzelezna.cz\/de\/wp-json\/wp\/v2\/portfolio\/73488\/revisions\/74706"}],"wp:featuredmedia":[{"embeddable":true,"href":"https:\/\/atelierzelezna.cz\/de\/wp-json\/wp\/v2\/media\/73379"}],"wp:attachment":[{"href":"https:\/\/atelierzelezna.cz\/de\/wp-json\/wp\/v2\/media?parent=73488"}],"wp:term":[{"taxonomy":"portfolio_category","embeddable":true,"href":"https:\/\/atelierzelezna.cz\/de\/wp-json\/wp\/v2\/portfolio_category?post=73488"}],"curies":[{"name":"wp","href":"https:\/\/api.w.org\/{rel}","templated":true}]}}