{"id":73846,"date":"2024-01-03T17:37:08","date_gmt":"2024-01-03T16:37:08","guid":{"rendered":"http:\/\/atelierzelezna.cz\/portfolio\/kino-cafe-erneuerung\/"},"modified":"2024-07-03T15:54:45","modified_gmt":"2024-07-03T13:54:45","slug":"kino-cafe-erneuerung","status":"publish","type":"portfolio","link":"https:\/\/atelierzelezna.cz\/de\/portfolio\/kino-cafe-erneuerung\/","title":{"rendered":"KINO CAF\u00c9 \u2013 ERNEUERUNG"},"content":{"rendered":"","protected":false},"excerpt":{"rendered":"<p>Die Erneuerung des \u00e4ltesten Kinos in Liberec nahm 2015 mit der Er\u00f6ffnung des Kino Caf\u00e9s im Foyer ihren Anfang. Dieses einzigartige Geb\u00e4ude wurde 1922 im Art D\u00e9co-Stil errichtet. Im Laufe des 20. Jahrhunderts machte es mehrere gef\u00fchllose Umbauten durch, um 2008 endg\u00fcltig geschlossen zu werden. Die erste Renovierungsetappe wurde durch die finanzielle Unterst\u00fctzung seitens Privatpersonen und verschiedener Unternehmen erm\u00f6glicht. Unser Entwurf unterstreicht die vorhandene Raumqualit\u00e4t und historischen Details und f\u00fcgt eine zeitgen\u00f6ssische Einrichtung hinzu. Das Projekt wurde 2015 mit dem Grand Prix der Architektengemeinschaft in der Kategorie Architektonisches Kunstwerk ausgezeichnet.<br \/>\n________________________________________<br \/>\nAuftraggeber Statut\u00e1rn\u00ed m\u011bsto Liberec<br \/>\nZusammenarbeit Petr Hub\u00e1\u010dek, Zuzana Ko\u0148asov\u00e1, Ji\u0159\u00ed \u017did<br \/>\nFoto Ale\u0161 Jungmann, Roman Dobe\u0161, Petr \u0160m\u00eddek<\/p>\n","protected":false},"author":2,"featured_media":73089,"parent":0,"menu_order":3,"comment_status":"closed","ping_status":"closed","template":"","meta":{"footnotes":""},"portfolio_category":[82],"class_list":["post-73846","portfolio","type-portfolio","status-publish","has-post-thumbnail","hentry","portfolio_category-realisation"],"_links":{"self":[{"href":"https:\/\/atelierzelezna.cz\/de\/wp-json\/wp\/v2\/portfolio\/73846","targetHints":{"allow":["GET"]}}],"collection":[{"href":"https:\/\/atelierzelezna.cz\/de\/wp-json\/wp\/v2\/portfolio"}],"about":[{"href":"https:\/\/atelierzelezna.cz\/de\/wp-json\/wp\/v2\/types\/portfolio"}],"author":[{"embeddable":true,"href":"https:\/\/atelierzelezna.cz\/de\/wp-json\/wp\/v2\/users\/2"}],"replies":[{"embeddable":true,"href":"https:\/\/atelierzelezna.cz\/de\/wp-json\/wp\/v2\/comments?post=73846"}],"version-history":[{"count":1,"href":"https:\/\/atelierzelezna.cz\/de\/wp-json\/wp\/v2\/portfolio\/73846\/revisions"}],"predecessor-version":[{"id":74703,"href":"https:\/\/atelierzelezna.cz\/de\/wp-json\/wp\/v2\/portfolio\/73846\/revisions\/74703"}],"wp:featuredmedia":[{"embeddable":true,"href":"https:\/\/atelierzelezna.cz\/de\/wp-json\/wp\/v2\/media\/73089"}],"wp:attachment":[{"href":"https:\/\/atelierzelezna.cz\/de\/wp-json\/wp\/v2\/media?parent=73846"}],"wp:term":[{"taxonomy":"portfolio_category","embeddable":true,"href":"https:\/\/atelierzelezna.cz\/de\/wp-json\/wp\/v2\/portfolio_category?post=73846"}],"curies":[{"name":"wp","href":"https:\/\/api.w.org\/{rel}","templated":true}]}}