{"id":74697,"date":"2024-01-19T15:00:15","date_gmt":"2024-01-19T14:00:15","guid":{"rendered":"http:\/\/atelierzelezna.cz\/?post_type=portfolio&#038;p=74697"},"modified":"2024-07-04T10:25:52","modified_gmt":"2024-07-04T08:25:52","slug":"sauna-im-gartenhaus","status":"publish","type":"portfolio","link":"https:\/\/atelierzelezna.cz\/de\/portfolio\/sauna-im-gartenhaus\/","title":{"rendered":"SAUNA IM GARTENHAUS"},"content":{"rendered":"","protected":false},"excerpt":{"rendered":"<p>Ein kleines neues Geb\u00e4ude in Kry\u0161tofovo \u00dadol\u00ed ist mit dem Gartenhaus verbunden. Es enth\u00e4lt eine Sauna mit Einrichtungen. Die Sauna, die sich auf dem Boden befindet, wird durch ein Juwel erg\u00e4nzt &#8211; einen Blick auf den Je\u0161t\u011bd-Kamm.<\/p>\n<p>Klient: Privat<br \/>\nVorschlag: 2021<\/p>\n","protected":false},"author":4,"featured_media":74579,"parent":0,"menu_order":0,"comment_status":"open","ping_status":"open","template":"","meta":{"footnotes":""},"portfolio_category":[84],"class_list":["post-74697","portfolio","type-portfolio","status-publish","has-post-thumbnail","hentry","portfolio_category-studie-de"],"_links":{"self":[{"href":"https:\/\/atelierzelezna.cz\/de\/wp-json\/wp\/v2\/portfolio\/74697","targetHints":{"allow":["GET"]}}],"collection":[{"href":"https:\/\/atelierzelezna.cz\/de\/wp-json\/wp\/v2\/portfolio"}],"about":[{"href":"https:\/\/atelierzelezna.cz\/de\/wp-json\/wp\/v2\/types\/portfolio"}],"author":[{"embeddable":true,"href":"https:\/\/atelierzelezna.cz\/de\/wp-json\/wp\/v2\/users\/4"}],"replies":[{"embeddable":true,"href":"https:\/\/atelierzelezna.cz\/de\/wp-json\/wp\/v2\/comments?post=74697"}],"version-history":[{"count":1,"href":"https:\/\/atelierzelezna.cz\/de\/wp-json\/wp\/v2\/portfolio\/74697\/revisions"}],"predecessor-version":[{"id":74698,"href":"https:\/\/atelierzelezna.cz\/de\/wp-json\/wp\/v2\/portfolio\/74697\/revisions\/74698"}],"wp:featuredmedia":[{"embeddable":true,"href":"https:\/\/atelierzelezna.cz\/de\/wp-json\/wp\/v2\/media\/74579"}],"wp:attachment":[{"href":"https:\/\/atelierzelezna.cz\/de\/wp-json\/wp\/v2\/media?parent=74697"}],"wp:term":[{"taxonomy":"portfolio_category","embeddable":true,"href":"https:\/\/atelierzelezna.cz\/de\/wp-json\/wp\/v2\/portfolio_category?post=74697"}],"curies":[{"name":"wp","href":"https:\/\/api.w.org\/{rel}","templated":true}]}}